{"id":1418,"date":"2022-05-24T18:16:18","date_gmt":"2022-05-24T16:16:18","guid":{"rendered":"http:\/\/www.marionicolella.com\/services\/servizi-alle-persone\/"},"modified":"2022-09-14T10:49:36","modified_gmt":"2022-09-14T08:49:36","slug":"services-aux-personnes","status":"publish","type":"page","link":"http:\/\/www.marionicolella.com\/fr\/services\/services-aux-personnes\/","title":{"rendered":"Services aux personnes"},"content":{"rendered":"<p>[vc_row bg_type=\u00a0\u00bbimage\u00a0\u00bb parallax_style=\u00a0\u00bbvcpb-default\u00a0\u00bb bg_image_new=\u00a0\u00bbid^1446|url^http:\/\/www.marionicolella.com\/wp-content\/uploads\/2022\/07\/header_servizi_persone_c.jpg|caption^null|alt^null|title^header_servizi_persone_c|description^null\u00a0\u00bb bg_image_repeat=\u00a0\u00bbno-repeat\u00a0\u00bb bg_override=\u00a0\u00bbex-full\u00a0\u00bb seperator_enable=\u00a0\u00bbseperator_enable_value\u00a0\u00bb seperator_type=\u00a0\u00bbtilt_left_seperator\u00a0\u00bb seperator_position=\u00a0\u00bbbottom_seperator\u00a0\u00bb seperator_svg_height=\u00a0\u00bb150&Prime; seperator_shape_background=\u00a0\u00bb#ffffff\u00a0\u00bb css=\u00a0\u00bb.vc_custom_1657615254501{padding-top: 50px !important;}\u00a0\u00bb el_class=\u00a0\u00bbpage-header-text\u00a0\u00bb][vc_column][vc_empty_space height=\u00a0\u00bb160px\u00a0\u00bb]<div class=\"ult-animation  ult-animate-viewport  ult-no-mobile \" data-animate=\"fadeInUp\" data-animation-delay=\"0.3\" data-animation-duration=\"1\" data-animation-iteration=\"1\" style=\"opacity:0;\" data-opacity_start_effect=\"\">[vc_custom_heading text=\u00a0\u00bbVotre avocat franco-italien\u00a0\u00bb font_container=\u00a0\u00bbtag:h3|text_align:left|color:%23ffffff\u00a0\u00bb use_theme_fonts=\u00a0\u00bbyes\u00a0\u00bb][vc_custom_heading text=\u00a0\u00bbServices aux Personnes\u00a0\u00bb font_container=\u00a0\u00bbtag:h2|text_align:left|color:%23fcfcfc|line_height:1.25em\u00a0\u00bb use_theme_fonts=\u00a0\u00bbyes\u00a0\u00bb]<\/div>[vc_empty_space height=\u00a0\u00bb200px\u00a0\u00bb][\/vc_column][\/vc_row][vc_row css_animation=\u00a0\u00bbfadeIn\u00a0\u00bb css=\u00a0\u00bb.vc_custom_1653389195824{padding-top: 100px !important;}\u00a0\u00bb][vc_column width=\u00a0\u00bb1\/2&Prime;][vc_column_text]Le cabinet d\u2019avocat Nicolella est <strong>pr\u00eat \u00e0 vous \u00e9couter attentivement et \u00e0 vous accompagner avec comp\u00e9tence<\/strong> dans les mati\u00e8res de droit de la famille, successions, responsabilit\u00e9 civile et immobilier qui rel\u00e8vent du droit italien, fran\u00e7ais et europ\u00e9en.[\/vc_column_text][\/vc_column][vc_column width=\u00a0\u00bb1\/2&Prime;][\/vc_column][\/vc_row][vc_row css=\u00a0\u00bb.vc_custom_1653403212385{padding-top: 60px !important;}\u00a0\u00bb][vc_column]<section class='special_tabs icontext vertical'><div class='tab-selector col-xs-12 col-sm-3'><\/div><div class='tab-container col-xs-12 col-sm-9' style='margin-left:0px;'><\/div><div class='label 1'><div class='architek_icon_special_tabs'><i class='fa linearicons-chevron-right'><\/i><\/div><div class='title'><a>Contentieux judiciaire<\/a><\/div><div class='divider-vertical-tabs'><\/div><\/div><div class='content 1'><p>[vc_row_inner][vc_column_inner][vc_custom_heading text=\u00a0\u00bbContentieux judiciaire\u00a0\u00bb font_container=\u00a0\u00bbtag:h4|text_align:left\u00a0\u00bb use_theme_fonts=\u00a0\u00bbyes\u00a0\u00bb css=\u00a0\u00bb.vc_custom_1656517765303{margin-top: 30px !important;margin-bottom: 30px !important;}\u00a0\u00bb][vc_column_text]Mario Nicolella a une exp\u00e9rience consolid\u00e9e devant les juridictions italiennes et fran\u00e7aises. Les deux pays partagent des traditions juridiques communes (le droit romain, les codes Napol\u00e9on et, aujourd\u2019hui, l\u2019harmonisation d\u00e9rivant du droit de l\u2019Union europ\u00e9enne) mais gardent des diff\u00e9rences importantes dans leurs proc\u00e9dures et dans le droit substantiel.<\/p>\n<p>En Italie, les litiges entre particuliers se d\u00e9roulent, en premi\u00e8re instance, devant les Tribunali civili et, en appel, devant les Corti di appello. Le pourvoi en cassation est outil proc\u00e9dural tr\u00e8s utilis\u00e9 selon les usages judiciaires italiens. Ma\u00eetre Mario Nicolella est habilit\u00e9 devant la Cour de cassation italienne.<\/p>\n<p>La solution proc\u00e9durale la plus efficace sera mise en place d\u00e8s l\u2019introduction de la demande jusqu\u2019\u00e0 l\u2019ex\u00e9cution de la d\u00e9cision obtenue. Selon le degr\u00e9 de complexit\u00e9 de l\u2019affaire, celle-ci peut faire l\u2019objet d\u2019une proc\u00e9dure d\u2019urgence ou d\u2019une assignation. \u00c0 cet \u00e9gard, si n\u00e9cessaire, des mesures conservatoires \u00e0 l\u2019encontre du d\u00e9biteur peuvent \u00eatre demand\u00e9es avant m\u00eame le d\u00e9bout de la proc\u00e9dure pour \u00e9viter que celui-ci ne devienne insolvable dans l\u2019attente de la d\u00e9cision.<\/p>\n<p>Si en revanche le client est endett\u00e9, il sera utile de s\u2019appuyer sur des arguments de d\u00e9fense et une bonne connaissance de la proc\u00e9dure permet souvent d\u2019induire le cr\u00e9ancier dans un accord transactionnel.<\/p>\n<p>Face \u00e0 l\u2019inex\u00e9cution contractuelle d\u2019une obligation, davantage d\u2019actions contentieuses peuvent \u00eatre envisag\u00e9es. Elles vont de l\u2019assignation en ex\u00e9cution forc\u00e9e \u00e0 la demande de r\u00e9siliation judiciaire du contrat, en passant par l\u2019action en responsabilit\u00e9 contractuelle visant \u00e0 obtenir r\u00e9paration. Le litige peut \u00e9galement insister sur la validit\u00e9 du contrat qui fera alors l\u2019objet d\u2019une action en nullit\u00e9, par exemple, pour d\u00e9faut de consentement valable (dol, erreur) ou pour non-respect soit d\u2019une r\u00e8gle imp\u00e9rative d\u2019ordre public soit du formalisme. [\/vc_column_text][\/vc_column_inner][\/vc_row_inner]<\/p>\n<\/div><div class='label 2'><div class='architek_icon_special_tabs'><i class='fa linearicons-chevron-right'><\/i><\/div><div class='title'><a>Cour europ\u00e9enne des droits de l\u2019homme<\/a><\/div><div class='divider-vertical-tabs'><\/div><\/div><div class='content 2'><p>[vc_row_inner][vc_column_inner][vc_custom_heading text=\u00a0\u00bbContentieux devant la Cour europ\u00e9enne des droits de l\u2019homme (Strasbourg)\u00a0\u00bb font_container=\u00a0\u00bbtag:h4|text_align:left\u00a0\u00bb use_theme_fonts=\u00a0\u00bbyes\u00a0\u00bb css=\u00a0\u00bb.vc_custom_1656517817528{margin-top: 30px !important;margin-bottom: 30px !important;}\u00a0\u00bb][vc_column_text]Ma\u00eetre Mario Nicolella traite le contentieux attribu\u00e9 \u00e0 la Cour europ\u00e9enne des droits de l\u2019homme (CEDH &#8211; Strasbourg). Il convient de rappeler que, \u00e0 quelques exceptions pr\u00e8s, pour introduire un recours devant la Cour europ\u00e9enne des droits de l\u2019homme, il est n\u00e9cessaire d\u2019achever la proc\u00e9dure nationale.<\/p>\n<p>L\u2019action devant la CEDH doit \u00eatre introduite dans les quatre mois \u00e0 compter du jour de la d\u00e9cision d\u00e9finitive nationale.<\/p>\n<p>Il est bon de pr\u00e9ciser que la proc\u00e9dure devant la Cour europ\u00e9enne de Strasbourg n\u2019est pas un \u00ab quatri\u00e8me degr\u00e9 \u00bb de jugement suite \u00e0 un arr\u00eat de la Cour de cassation.<\/p>\n<p>En effet, la Cour europ\u00e9enne ne pourra jamais r\u00e9former la sentence d\u00e9finitive nationale.<\/p>\n<p>Avec la proc\u00e9dure devant la CEDH, l\u2019\u00c9tat auteur de la d\u00e9cision nationale d\u00e9finitive est traduit en justice pour demander sa condamnation et obtenir r\u00e9paration du pr\u00e9judice mat\u00e9riel et\/ou moral subi.[\/vc_column_text][vc_empty_space height=\u00a0\u00bb15px\u00a0\u00bb][vc_btn title=\u00a0\u00bbECHR\u00a0\u00bb style=\u00a0\u00bboutline-custom\u00a0\u00bb outline_custom_color=\u00a0\u00bb#253746&Prime; outline_custom_hover_background=\u00a0\u00bb#253746&Prime; outline_custom_hover_text=\u00a0\u00bb#ffffff\u00a0\u00bb shape=\u00a0\u00bbsquare\u00a0\u00bb i_icon_fontawesome=\u00a0\u00bbfas fa-link\u00a0\u00bb add_icon=\u00a0\u00bbtrue\u00a0\u00bb link=\u00a0\u00bburl:https%3A%2F%2Fwww.echr.coe.int|title:echr|target:_blank\u00a0\u00bb][\/vc_column_inner][\/vc_row_inner]<\/p>\n<\/div><div class='label 3'><div class='architek_icon_special_tabs'><i class='fa linearicons-chevron-right'><\/i><\/div><div class='title'><a>Droit de la famille<\/a><\/div><div class='divider-vertical-tabs'><\/div><\/div><div class='content 3'><p>[vc_row_inner][vc_column_inner][vc_custom_heading text=\u00a0\u00bbDroit de la famille\u00a0\u00bb font_container=\u00a0\u00bbtag:h4|text_align:left\u00a0\u00bb use_theme_fonts=\u00a0\u00bbyes\u00a0\u00bb css=\u00a0\u00bb.vc_custom_1656517857210{margin-top: 30px !important;margin-bottom: 30px !important;}\u00a0\u00bb][vc_column_text]Les conflits familiaux, notamment internationaux, peuvent \u00eatre rendus plus compliqu\u00e9s par les difficult\u00e9s linguistiques, les distances g\u00e9ographiques, les diff\u00e9rences culturelles.<\/p>\n<p>Ma\u00eetre Nicolella assiste ses clients pour toutes les questions relatives au droit de la famille, notamment lorsqu\u2019elles n\u00e9cessitent l\u2019application du droit italien, du droit fran\u00e7ais ou du droit de l\u2019Union europ\u00e9enne.<\/p>\n<p>Voici les questions les plus fr\u00e9quemment trait\u00e9es par le cabinet :<\/p>\n<ul>\n<li>Proc\u00e9dure de s\u00e9paration, divorce;<\/li>\n<li>Droit de visite et h\u00e9bergement des enfants, pension alimentaire, prestation compensatoire;<\/li>\n<li>D\u00e9termination de la juridiction comp\u00e9tente et du droit applicable;<\/li>\n<li>Reconnaissance et ex\u00e9cution en Italie des d\u00e9cisions fran\u00e7aises;<\/li>\n<li>Reconnaissance et ex\u00e9cution en France des d\u00e9cisions italiennes;<\/li>\n<li>Conditions et exercice de l\u2019autorit\u00e9 parentale (famille franco-italiennes);<\/li>\n<li>Protection des majeurs vuln\u00e9rables (tutelles et curatelles)<\/li>\n<\/ul>\n<p>[\/vc_column_text][\/vc_column_inner][\/vc_row_inner]<\/p>\n<\/div><div class='label 4'><div class='architek_icon_special_tabs'><i class='fa linearicons-chevron-right'><\/i><\/div><div class='title'><a>Droit des successions<\/a><\/div><div class='divider-vertical-tabs'><\/div><\/div><div class='content 4'><p>[vc_row_inner][vc_column_inner][vc_custom_heading text=\u00a0\u00bbDroit des successions\u00a0\u00bb font_container=\u00a0\u00bbtag:h4|text_align:left\u00a0\u00bb use_theme_fonts=\u00a0\u00bbyes\u00a0\u00bb css=\u00a0\u00bb.vc_custom_1656517932888{margin-top: 30px !important;margin-bottom: 30px !important;}\u00a0\u00bb][vc_column_text]L\u2019h\u00e9ritage \u00e0 l\u2019\u00e9tranger est une possibilit\u00e9 peu fr\u00e9quente. Lorsqu\u2019elle survient, il arrive souvent que vous ne sachiez pas comment agir en raison de l\u2019\u00e9loignement g\u00e9ographique, d\u2019une compr\u00e9hension linguistique insuffisante des actes juridiques et des interlocuteurs professionnels (notaires, banques, agences immobili\u00e8res).<\/p>\n<p>Avec une procuration notariale sp\u00e9ciale, vous pouvez confier \u00e0 Ma\u00eetre Nicolella l\u2019int\u00e9gralit\u00e9 du dossier de succession en Italie ou en France. Votre avocat contactera le notaire en charge, vous aidera \u00e0 s\u00e9lectionner l\u2019agence immobili\u00e8re qui s\u2019occupera de la vente du bien h\u00e9rit\u00e9, prendra contact avec la banque o\u00f9 se trouve le compte courant dont la liquidit\u00e9 vous sera transf\u00e9r\u00e9e en fonction des r\u00e8gles de la succession.<\/p>\n<p>Ces op\u00e9rations, que Ma\u00eetre Nicolella prendra en charge en se rendant sur place, vous permettront de prendre possession de votre h\u00e9ritage sans avoir \u00e0 passer votre temps en d\u00e9placements et discussions juridiques. Dans les situations qui l\u2019exigent, Ma\u00eetre Nicolella vous assistera dans la contestation d\u2019un testament devant le tribunal comp\u00e9tent (en France ou en Italie). [\/vc_column_text][\/vc_column_inner][\/vc_row_inner]<\/p>\n<\/div><div class='label 5'><div class='architek_icon_special_tabs'><i class='fa linearicons-chevron-right'><\/i><\/div><div class='title'><a>Responsabilit\u00e9 civile<\/a><\/div><div class='divider-vertical-tabs'><\/div><\/div><div class='content 5'><p>[vc_row_inner][vc_column_inner][vc_custom_heading text=\u00a0\u00bbResponsabilit\u00e9 civile\u00a0\u00bb font_container=\u00a0\u00bbtag:h4|text_align:left\u00a0\u00bb use_theme_fonts=\u00a0\u00bbyes\u00a0\u00bb css=\u00a0\u00bb.vc_custom_1656518137602{margin-top: 30px !important;margin-bottom: 30px !important;}\u00a0\u00bb][vc_column_text]Les r\u00e8gles r\u00e9gissant la responsabilit\u00e9 civile impliquent une analyse minutieuse des relations entre les parties.<\/p>\n<p>En effet, il peut s\u2019agir de relations contractuelles ou extracontractuelles et donner lieu \u00e0 des litiges extr\u00eamement diff\u00e9rents, allant de la responsabilit\u00e9 m\u00e9dicale \u00e0 la responsabilit\u00e9 du fait du produit d\u00e9fectueux, de la responsabilit\u00e9 pour la construction d\u2019un bien immobilier \u00e0 celle relative \u00e0 la construction d\u2019un site industriel.<\/p>\n<p>Pour l\u2019\u00e9valuation des dommages corporels, notamment, le cabinet s\u2019appuie sur les conseils de professionnels m\u00e9dico-l\u00e9gaux reconnus.[\/vc_column_text][\/vc_column_inner][\/vc_row_inner]<\/p>\n<\/div><div class='label 6'><div class='architek_icon_special_tabs'><i class='fa linearicons-chevron-right'><\/i><\/div><div class='title'><a>Droit immobilier<\/a><\/div><div class='divider-vertical-tabs'><\/div><\/div><div class='content 6'><p>[vc_row_inner][vc_column_inner][vc_custom_heading text=\u00a0\u00bbDroit immobilier\u00a0\u00bb font_container=\u00a0\u00bbtag:h4|text_align:left\u00a0\u00bb use_theme_fonts=\u00a0\u00bbyes\u00a0\u00bb css=\u00a0\u00bb.vc_custom_1656518085567{margin-top: 30px !important;margin-bottom: 30px !important;}\u00a0\u00bb][vc_column_text]Si vous avez l\u2019intention de r\u00e9aliser un investissement immobilier en Italie ou de vendre un bien immobilier ou un terrain en France, Ma\u00eetre Nicolella peut vous conseiller et vous accompagner tout au long du processus d\u2019acquisition ou de vente.<br \/>\nEn France, Ma\u00eetre Nicolella est \u00ab mandataire en transactions immobili\u00e8res \u00bb.<\/p>\n<p>En Italie, le cabinet s\u2019appuie sur l\u2019expertise professionnelle de l\u2019architecte Maurizio Nicolella avec une exp\u00e9rience longue et consolid\u00e9e dans le domaine de la construction civile (maison d\u2019habitation, h\u00f4tels, r\u00e9novation) tant dans la phase de conception que dans la phase d\u2019ex\u00e9cution de chantier. [\/vc_column_text][\/vc_column_inner][\/vc_row_inner]<\/p>\n<\/div>\n<\/section>[\/vc_column][\/vc_row][vc_row el_class=\u00a0\u00bbtxt-nota-small\u00a0\u00bb css=\u00a0\u00bb.vc_custom_1663145005093{padding-top: 60px !important;padding-bottom: 30px !important;}\u00a0\u00bb][vc_column][vc_column_text]<i class=\"fa fa-info-circle\" aria-hidden=\"true\"><\/i> Conform\u00e9ment aux dispositions des articles L.612-1 et suivants du Code de la consommation, vous avez la possibilit\u00e9, en cas de litige, de recourir gratuitement au M\u00e9diateur de la consommation aupr\u00e8s du Conseil National des Barreaux (CNB) dont les coordonn\u00e9es sont les suivantes : CNB, M\u00e9diateur \u00e0 la consommation, 180 boulevard Haussmann \u2013 75008 PARIS.<br \/>\nPour plus d\u2019information, vous pouvez vous connecter sur la plateforme : <a href=\"https:\/\/www.economie.gouv.fr\/mediation-conso\">https:\/\/www.economie.gouv.fr\/mediation-conso<\/a>[\/vc_column_text][\/vc_column][\/vc_row][vc_row][vc_column]<div class=\"templatera_shortcode\"><div class=\"vc_row wpb_row vc_row-fluid vc_custom_1652458769386\"><div class=\"wpb_animate_when_almost_visible wpb_fadeInUp fadeInUp wpb_column vc_column_container vc_col-sm-12\"><div class=\"vc_column-inner\"><div class=\"wpb_wrapper\"><div id=\"ultimate-heading-3169f2867f01c49\" class=\"uvc-heading ult-adjust-bottom-margin ultimate-heading-3169f2867f01c49 uvc-8552 \" data-hspacer=\"line_only\"  data-halign=\"center\" style=\"text-align:center\"><div class=\"uvc-heading-spacer line_only\" style=\"topheight:100px;\"><span class=\"uvc-headings-line\" style=\"border-style:solid;border-bottom-width:100px;border-color:#0a0a0a;width:1px;\"><\/span><\/div><\/div><div class=\"vc_empty_space\"   style=\"height: 90px\"><span class=\"vc_empty_space_inner\"><\/span><\/div><h2 style=\"text-align: center\" class=\"vc_custom_heading\" >Cabinet d\u2019Avocat Franco-Italien Nicolella<\/h2><div class=\"vc_empty_space\"   style=\"height: 60px\"><span class=\"vc_empty_space_inner\"><\/span><\/div><div class=\"vc_row wpb_row vc_inner vc_row-fluid\"><div class=\"wpb_column vc_column_container vc_col-sm-4\"><div class=\"vc_column-inner\"><div class=\"wpb_wrapper\"><div class=\"aio-icon-component    style_2\"><a class=\"aio-icon-box-link\" href=\"\/fr\/cabinet\/bio-et-cv\/\" title=\"Bio e CV\" ><div id=\"Info-box-wrap-8423\" class=\"aio-icon-box top-icon\" style=\"\"  ><div class=\"aio-icon-top\"><div class=\"ult-just-icon-wrapper  \"><div class=\"align-icon\" style=\"text-align:center;\">\n<div class=\"aio-icon none \"  style=\"color:#333;font-size:32px;display:inline-block;\">\n\t<i class=\"linearicons-graduation-hat\"><\/i>\n<\/div><\/div><\/div><\/div><div class=\"aio-icon-header\" ><h3 class=\"aio-icon-title ult-responsive\"  data-ultimate-target='#Info-box-wrap-8423 .aio-icon-title'  data-responsive-json-new='{\"font-size\":\"desktop:20px;\",\"line-height\":\"\"}'  style=\"font-family:&#039;Montserrat&#039;;font-weight:700;\">Bio et CV<\/h3><\/div> <!-- header --><div class=\"aio-icon-description ult-responsive\"  data-ultimate-target='#Info-box-wrap-8423 .aio-icon-description'  data-responsive-json-new='{\"font-size\":\"desktop:16px;\",\"line-height\":\"\"}'  style=\"font-family:&#039;Lato&#039;;font-weight:500;\">La biographie professionnelle et le curriculum vitae de Me Mario Nicolella sont \u00e0 votre disposition.<\/div> <!-- description --><\/div> <!-- aio-icon-box --><\/a><\/div> <!-- aio-icon-component --><div class=\"ult-spacer spacer-69f2867f0301b\" data-id=\"69f2867f0301b\" data-height=\"0\" data-height-mobile=\"40\" data-height-tab=\"\" data-height-tab-portrait=\"\" data-height-mobile-landscape=\"40\" style=\"clear:both;display:block;\"><\/div><\/div><\/div><\/div><div class=\"wpb_column vc_column_container vc_col-sm-4\"><div class=\"vc_column-inner\"><div class=\"wpb_wrapper\"><div class=\"aio-icon-component    style_2\"><a class=\"aio-icon-box-link\" href=\"\/fr\/cabinet\/cabinet-groupe-vdg\/\" title=\"Cabinet Group\u00e9 VDG\" ><div id=\"Info-box-wrap-9813\" class=\"aio-icon-box top-icon\" style=\"\"  ><div class=\"aio-icon-top\"><div class=\"ult-just-icon-wrapper  \"><div class=\"align-icon\" style=\"text-align:center;\">\n<div class=\"aio-icon none \"  style=\"color:#333;font-size:32px;display:inline-block;\">\n\t<i class=\"linearicons-library2\"><\/i>\n<\/div><\/div><\/div><\/div><div class=\"aio-icon-header\" ><h3 class=\"aio-icon-title ult-responsive\"  data-ultimate-target='#Info-box-wrap-9813 .aio-icon-title'  data-responsive-json-new='{\"font-size\":\"desktop:20px;\",\"line-height\":\"\"}'  style=\"font-family:&#039;Montserrat&#039;;font-weight:700;\">Cabinet Group\u00e9 VDG<\/h3><\/div> <!-- header --><div class=\"aio-icon-description ult-responsive\"  data-ultimate-target='#Info-box-wrap-9813 .aio-icon-description'  data-responsive-json-new='{\"font-size\":\"desktop:16px;\",\"line-height\":\"\"}'  style=\"font-family:&#039;Lato&#039;;font-weight:500;\">Comp\u00e9tences et exp\u00e9riences dans diff\u00e9rents secteurs juridiques pour prot\u00e9ger au mieux vos droits.<\/div> <!-- description --><\/div> <!-- aio-icon-box --><\/a><\/div> <!-- aio-icon-component --><div class=\"ult-spacer spacer-69f2867f03209\" data-id=\"69f2867f03209\" data-height=\"0\" data-height-mobile=\"40\" data-height-tab=\"\" data-height-tab-portrait=\"\" data-height-mobile-landscape=\"40\" style=\"clear:both;display:block;\"><\/div><\/div><\/div><\/div><div class=\"wpb_column vc_column_container vc_col-sm-4\"><div class=\"vc_column-inner\"><div class=\"wpb_wrapper\"><div class=\"aio-icon-component    style_2\"><a class=\"aio-icon-box-link\" href=\"\/fr\/honoraires\" title=\"Honoraires\" ><div id=\"Info-box-wrap-2215\" class=\"aio-icon-box top-icon\" style=\"\"  ><div class=\"aio-icon-top\"><div class=\"ult-just-icon-wrapper  \"><div class=\"align-icon\" style=\"text-align:center;\">\n<div class=\"aio-icon none \"  style=\"color:#333;font-size:32px;display:inline-block;\">\n\t<i class=\"linearicons-balance\"><\/i>\n<\/div><\/div><\/div><\/div><div class=\"aio-icon-header\" ><h3 class=\"aio-icon-title ult-responsive\"  data-ultimate-target='#Info-box-wrap-2215 .aio-icon-title'  data-responsive-json-new='{\"font-size\":\"desktop:20px;\",\"line-height\":\"\"}'  style=\"font-family:&#039;Montserrat&#039;;font-weight:700;\">Honoraires<\/h3><\/div> <!-- header --><div class=\"aio-icon-description ult-responsive\"  data-ultimate-target='#Info-box-wrap-2215 .aio-icon-description'  data-responsive-json-new='{\"font-size\":\"desktop:16px;\",\"line-height\":\"\"}'  style=\"font-family:&#039;Lato&#039;;font-weight:500;\">Un bon rapport entre Avocat et Client se fonde sur une tr\u00e8s grande clart\u00e9 \u00e9galement sur les aspects \u00e9conomiques.<\/div> <!-- description --><\/div> <!-- aio-icon-box --><\/a><\/div> <!-- aio-icon-component --><\/div><\/div><\/div><\/div><div class=\"ult-spacer spacer-69f2867f0348f\" data-id=\"69f2867f0348f\" data-height=\"100\" data-height-mobile=\"80\" data-height-tab=\"\" data-height-tab-portrait=\"\" data-height-mobile-landscape=\"80\" style=\"clear:both;display:block;\"><\/div><\/div><\/div><\/div><\/div><!-- Row Backgrounds --><div class=\"upb_bg_img\" data-ultimate-bg=\"url(http:\/\/www.marionicolella.com\/wp-content\/uploads\/2022\/05\/bkg_courtdecassation.svg)\" data-image-id=\"id^887|url^http:\/\/www.marionicolella.com\/wp-content\/uploads\/2022\/05\/bkg_courtdecassation.svg|caption^null|alt^null|title^bkg_courtdecassation|description^null\" data-ultimate-bg-style=\"vcpb-default\" data-bg-img-repeat=\"no-repeat\" data-bg-img-size=\"cover\" data-bg-img-position=\"\" data-parallx_sense=\"30\" data-bg-override=\"ex-full\" data-bg_img_attach=\"scroll\" data-upb-overlay-color=\"rgba(255,255,255,0.67)\" data-upb-bg-animation=\"\" data-fadeout=\"\" data-bg-animation=\"left-animation\" data-bg-animation-type=\"h\" data-animation-repeat=\"repeat\" data-fadeout-percentage=\"30\" data-parallax-content=\"\" data-parallax-content-sense=\"30\" data-row-effect-mobile-disable=\"true\" data-img-parallax-mobile-disable=\"true\" data-rtl=\"false\"  data-custom-vc-row=\"\"  data-vc=\"6.7.0\"  data-is_old_vc=\"\"  data-theme-support=\"\"   data-overlay=\"true\" data-overlay-color=\"rgba(255,255,255,0.67)\" data-overlay-pattern=\"\" data-overlay-pattern-opacity=\"0.8\" data-overlay-pattern-size=\"\" data-overlay-pattern-attachment=\"scroll\"    ><\/div><\/div>[\/vc_column][\/vc_row][vc_row full_width=\u00a0\u00bbstretch_row_content_no_spaces\u00a0\u00bb][vc_column]<div class=\"templatera_shortcode\"><div data-vc-full-width=\"true\" data-vc-full-width-init=\"false\" data-vc-parallax=\"1.5\" data-vc-parallax-image=\"http:\/\/www.marionicolella.com\/wp-content\/uploads\/2022\/06\/bkg_cta.jpg\" class=\"vc_row wpb_row vc_row-fluid vc_custom_1654684881616 vc_row-has-fill vc_general vc_parallax vc_parallax-content-moving\"><div class=\"wpb_animate_when_almost_visible wpb_fadeInUp fadeInUp wpb_column vc_column_container vc_col-sm-2\"><div class=\"vc_column-inner\"><div class=\"wpb_wrapper\"><\/div><\/div><\/div><div class=\"wpb_column vc_column_container vc_col-sm-8\"><div class=\"vc_column-inner\"><div class=\"wpb_wrapper\"><h2 style=\"font-size: 40px;color: #f4f4f4;line-height: 1.3em;text-align: center\" class=\"vc_custom_heading\" >Vous avez un probl\u00e8me juridique ?<br \/>\r\nContactez le cabinet<\/h2><h4 style=\"font-size: 24px;color: #f4f4f4;line-height: 1.3em;text-align: center\" class=\"vc_custom_heading\" >\u00c0 vos c\u00f4t\u00e9s avec r\u00e9activit\u00e9 devant les juridictions italiennes et fran\u00e7aises.<\/h4><div class=\"vc_btn3-container  wpb_animate_when_almost_visible wpb_fadeInUp fadeInUp vc_btn3-center\" ><a onmouseleave=\"this.style.borderColor='#ffffff'; this.style.backgroundColor='transparent'; this.style.color='#ffffff'\" onmouseenter=\"this.style.borderColor='#ffffff'; this.style.backgroundColor='#ffffff'; this.style.color='#253746';\" style=\"border-color:#ffffff; color:#ffffff;\" class=\"vc_general vc_btn3 vc_btn3-size-lg vc_btn3-shape-square vc_btn3-style-outline-custom\" href=\"\/fr\/contacts\" title=\"Contact\">Contact<\/a><\/div><\/div><\/div><\/div><div class=\"wpb_column vc_column_container vc_col-sm-2\"><div class=\"vc_column-inner\"><div class=\"wpb_wrapper\"><\/div><\/div><\/div><\/div><div class=\"vc_row-full-width vc_clearfix\"><\/div>\r\n<\/div>[\/vc_column][\/vc_row]<\/p>\n","protected":false},"excerpt":{"rendered":"Vous avez un probl\u00e8me juridique ? Contactez le cabinet\u00c0 vos c\u00f4t\u00e9s avec r\u00e9activit\u00e9 devant les juridictions italiennes et fran\u00e7aises.Contact","protected":false},"author":1,"featured_media":0,"parent":1409,"menu_order":0,"comment_status":"closed","ping_status":"closed","template":"page.php","meta":{"footnotes":""},"class_list":["post-1418","page","type-page","status-publish","hentry"],"yoast_head":"<!-- This site is optimized with the Yoast SEO plugin v19.9 - https:\/\/yoast.com\/wordpress\/plugins\/seo\/ -->\n<title>Services aux personnes - Avv. Mario Nicolella<\/title>\n<meta name=\"robots\" content=\"index, follow, max-snippet:-1, max-image-preview:large, max-video-preview:-1\" \/>\n<link rel=\"canonical\" href=\"http:\/\/www.marionicolella.com\/fr\/services\/services-aux-personnes\/\" \/>\n<meta property=\"og:locale\" content=\"fr_FR\" \/>\n<meta property=\"og:type\" content=\"article\" \/>\n<meta property=\"og:title\" content=\"Services aux personnes - Avv. Mario Nicolella\" \/>\n<meta property=\"og:url\" content=\"http:\/\/www.marionicolella.com\/fr\/services\/services-aux-personnes\/\" \/>\n<meta property=\"og:site_name\" content=\"Avv. Mario Nicolella\" \/>\n<meta property=\"article:modified_time\" content=\"2022-09-14T08:49:36+00:00\" \/>\n<meta property=\"og:image\" content=\"http:\/\/www.marionicolella.com\/wp-content\/uploads\/2022\/08\/img_facebook-1.jpg\" \/>\n\t<meta property=\"og:image:width\" content=\"1200\" \/>\n\t<meta property=\"og:image:height\" content=\"630\" \/>\n\t<meta property=\"og:image:type\" content=\"image\/jpeg\" \/>\n<meta name=\"twitter:card\" content=\"summary_large_image\" \/>\n<meta name=\"twitter:label1\" content=\"Dur\u00e9e de lecture estim\u00e9e\" \/>\n\t<meta name=\"twitter:data1\" content=\"6 minutes\" \/>\n<script type=\"application\/ld+json\" class=\"yoast-schema-graph\">{\"@context\":\"https:\/\/schema.org\",\"@graph\":[{\"@type\":\"WebPage\",\"@id\":\"http:\/\/www.marionicolella.com\/fr\/services\/services-aux-personnes\/\",\"url\":\"http:\/\/www.marionicolella.com\/fr\/services\/services-aux-personnes\/\",\"name\":\"Services aux personnes - Avv. Mario Nicolella\",\"isPartOf\":{\"@id\":\"http:\/\/www.marionicolella.com\/#website\"},\"datePublished\":\"2022-05-24T16:16:18+00:00\",\"dateModified\":\"2022-09-14T08:49:36+00:00\",\"breadcrumb\":{\"@id\":\"http:\/\/www.marionicolella.com\/fr\/services\/services-aux-personnes\/#breadcrumb\"},\"inLanguage\":\"fr-FR\",\"potentialAction\":[{\"@type\":\"ReadAction\",\"target\":[\"http:\/\/www.marionicolella.com\/fr\/services\/services-aux-personnes\/\"]}]},{\"@type\":\"BreadcrumbList\",\"@id\":\"http:\/\/www.marionicolella.com\/fr\/services\/services-aux-personnes\/#breadcrumb\",\"itemListElement\":[{\"@type\":\"ListItem\",\"position\":1,\"name\":\"Home\",\"item\":\"http:\/\/www.marionicolella.com\/fr\/\"},{\"@type\":\"ListItem\",\"position\":2,\"name\":\"Services\",\"item\":\"http:\/\/www.marionicolella.com\/fr\/services\/\"},{\"@type\":\"ListItem\",\"position\":3,\"name\":\"Services aux personnes\"}]},{\"@type\":\"WebSite\",\"@id\":\"http:\/\/www.marionicolella.com\/#website\",\"url\":\"http:\/\/www.marionicolella.com\/\",\"name\":\"Avv. Mario Nicolella\",\"description\":\"Studio Legale Internazionale\",\"publisher\":{\"@id\":\"http:\/\/www.marionicolella.com\/#\/schema\/person\/85205f94633feef23121576d83fcb7d8\"},\"potentialAction\":[{\"@type\":\"SearchAction\",\"target\":{\"@type\":\"EntryPoint\",\"urlTemplate\":\"http:\/\/www.marionicolella.com\/?s={search_term_string}\"},\"query-input\":\"required name=search_term_string\"}],\"inLanguage\":\"fr-FR\"},{\"@type\":[\"Person\",\"Organization\"],\"@id\":\"http:\/\/www.marionicolella.com\/#\/schema\/person\/85205f94633feef23121576d83fcb7d8\",\"name\":\"Mario Nicolella\",\"image\":{\"@type\":\"ImageObject\",\"inLanguage\":\"fr-FR\",\"@id\":\"http:\/\/www.marionicolella.com\/#\/schema\/person\/image\/\",\"url\":\"http:\/\/www.marionicolella.com\/wp-content\/uploads\/2022\/05\/logo_nicolella.svg\",\"contentUrl\":\"http:\/\/www.marionicolella.com\/wp-content\/uploads\/2022\/05\/logo_nicolella.svg\",\"width\":290,\"height\":44,\"caption\":\"Mario Nicolella\"},\"logo\":{\"@id\":\"http:\/\/www.marionicolella.com\/#\/schema\/person\/image\/\"},\"sameAs\":[\"http:\/\/www.linkedin.com\/in\/mario-nicolella-07949310\/\"]}]}<\/script>\n<!-- \/ Yoast SEO plugin. -->","yoast_head_json":{"title":"Services aux personnes - Avv. Mario Nicolella","robots":{"index":"index","follow":"follow","max-snippet":"max-snippet:-1","max-image-preview":"max-image-preview:large","max-video-preview":"max-video-preview:-1"},"canonical":"http:\/\/www.marionicolella.com\/fr\/services\/services-aux-personnes\/","og_locale":"fr_FR","og_type":"article","og_title":"Services aux personnes - Avv. Mario Nicolella","og_url":"http:\/\/www.marionicolella.com\/fr\/services\/services-aux-personnes\/","og_site_name":"Avv. Mario Nicolella","article_modified_time":"2022-09-14T08:49:36+00:00","og_image":[{"width":1200,"height":630,"url":"http:\/\/www.marionicolella.com\/wp-content\/uploads\/2022\/08\/img_facebook-1.jpg","type":"image\/jpeg"}],"twitter_card":"summary_large_image","twitter_misc":{"Dur\u00e9e de lecture estim\u00e9e":"6 minutes"},"schema":{"@context":"https:\/\/schema.org","@graph":[{"@type":"WebPage","@id":"http:\/\/www.marionicolella.com\/fr\/services\/services-aux-personnes\/","url":"http:\/\/www.marionicolella.com\/fr\/services\/services-aux-personnes\/","name":"Services aux personnes - Avv. Mario Nicolella","isPartOf":{"@id":"http:\/\/www.marionicolella.com\/#website"},"datePublished":"2022-05-24T16:16:18+00:00","dateModified":"2022-09-14T08:49:36+00:00","breadcrumb":{"@id":"http:\/\/www.marionicolella.com\/fr\/services\/services-aux-personnes\/#breadcrumb"},"inLanguage":"fr-FR","potentialAction":[{"@type":"ReadAction","target":["http:\/\/www.marionicolella.com\/fr\/services\/services-aux-personnes\/"]}]},{"@type":"BreadcrumbList","@id":"http:\/\/www.marionicolella.com\/fr\/services\/services-aux-personnes\/#breadcrumb","itemListElement":[{"@type":"ListItem","position":1,"name":"Home","item":"http:\/\/www.marionicolella.com\/fr\/"},{"@type":"ListItem","position":2,"name":"Services","item":"http:\/\/www.marionicolella.com\/fr\/services\/"},{"@type":"ListItem","position":3,"name":"Services aux personnes"}]},{"@type":"WebSite","@id":"http:\/\/www.marionicolella.com\/#website","url":"http:\/\/www.marionicolella.com\/","name":"Avv. Mario Nicolella","description":"Studio Legale Internazionale","publisher":{"@id":"http:\/\/www.marionicolella.com\/#\/schema\/person\/85205f94633feef23121576d83fcb7d8"},"potentialAction":[{"@type":"SearchAction","target":{"@type":"EntryPoint","urlTemplate":"http:\/\/www.marionicolella.com\/?s={search_term_string}"},"query-input":"required name=search_term_string"}],"inLanguage":"fr-FR"},{"@type":["Person","Organization"],"@id":"http:\/\/www.marionicolella.com\/#\/schema\/person\/85205f94633feef23121576d83fcb7d8","name":"Mario Nicolella","image":{"@type":"ImageObject","inLanguage":"fr-FR","@id":"http:\/\/www.marionicolella.com\/#\/schema\/person\/image\/","url":"http:\/\/www.marionicolella.com\/wp-content\/uploads\/2022\/05\/logo_nicolella.svg","contentUrl":"http:\/\/www.marionicolella.com\/wp-content\/uploads\/2022\/05\/logo_nicolella.svg","width":290,"height":44,"caption":"Mario Nicolella"},"logo":{"@id":"http:\/\/www.marionicolella.com\/#\/schema\/person\/image\/"},"sameAs":["http:\/\/www.linkedin.com\/in\/mario-nicolella-07949310\/"]}]}},"_links":{"self":[{"href":"http:\/\/www.marionicolella.com\/fr\/wp-json\/wp\/v2\/pages\/1418","targetHints":{"allow":["GET"]}}],"collection":[{"href":"http:\/\/www.marionicolella.com\/fr\/wp-json\/wp\/v2\/pages"}],"about":[{"href":"http:\/\/www.marionicolella.com\/fr\/wp-json\/wp\/v2\/types\/page"}],"author":[{"embeddable":true,"href":"http:\/\/www.marionicolella.com\/fr\/wp-json\/wp\/v2\/users\/1"}],"replies":[{"embeddable":true,"href":"http:\/\/www.marionicolella.com\/fr\/wp-json\/wp\/v2\/comments?post=1418"}],"version-history":[{"count":5,"href":"http:\/\/www.marionicolella.com\/fr\/wp-json\/wp\/v2\/pages\/1418\/revisions"}],"predecessor-version":[{"id":1786,"href":"http:\/\/www.marionicolella.com\/fr\/wp-json\/wp\/v2\/pages\/1418\/revisions\/1786"}],"up":[{"embeddable":true,"href":"http:\/\/www.marionicolella.com\/fr\/wp-json\/wp\/v2\/pages\/1409"}],"wp:attachment":[{"href":"http:\/\/www.marionicolella.com\/fr\/wp-json\/wp\/v2\/media?parent=1418"}],"curies":[{"name":"wp","href":"https:\/\/api.w.org\/{rel}","templated":true}]}}