{"id":1413,"date":"2022-05-24T16:35:11","date_gmt":"2022-05-24T14:35:11","guid":{"rendered":"http:\/\/www.marionicolella.com\/services\/servizi-alle-imprese\/"},"modified":"2022-09-28T16:24:33","modified_gmt":"2022-09-28T14:24:33","slug":"services-aux-entreprises","status":"publish","type":"page","link":"http:\/\/www.marionicolella.com\/fr\/services\/services-aux-entreprises\/","title":{"rendered":"Services aux Entreprises"},"content":{"rendered":"<p>[vc_row bg_type=\u00a0\u00bbimage\u00a0\u00bb parallax_style=\u00a0\u00bbvcpb-default\u00a0\u00bb bg_image_new=\u00a0\u00bbid^1452|url^http:\/\/www.marionicolella.com\/wp-content\/uploads\/2022\/07\/header_servizi_aziende_c.jpg|caption^null|alt^null|title^header_servizi_aziende_c|description^null\u00a0\u00bb bg_image_repeat=\u00a0\u00bbno-repeat\u00a0\u00bb bg_override=\u00a0\u00bbex-full\u00a0\u00bb seperator_enable=\u00a0\u00bbseperator_enable_value\u00a0\u00bb seperator_type=\u00a0\u00bbtilt_left_seperator\u00a0\u00bb seperator_position=\u00a0\u00bbbottom_seperator\u00a0\u00bb seperator_svg_height=\u00a0\u00bb150&Prime; seperator_shape_background=\u00a0\u00bb#ffffff\u00a0\u00bb css=\u00a0\u00bb.vc_custom_1657615281504{padding-top: 50px !important;}\u00a0\u00bb el_class=\u00a0\u00bbpage-header-text\u00a0\u00bb][vc_column][vc_empty_space height=\u00a0\u00bb160px\u00a0\u00bb]<div class=\"ult-animation  ult-animate-viewport  ult-no-mobile \" data-animate=\"fadeInUp\" data-animation-delay=\"0.3\" data-animation-duration=\"1\" data-animation-iteration=\"1\" style=\"opacity:0;\" data-opacity_start_effect=\"\">[vc_custom_heading text=\u00a0\u00bbExpertise juridique internationale\u00a0\u00bb font_container=\u00a0\u00bbtag:h3|text_align:left|color:%23ffffff\u00a0\u00bb use_theme_fonts=\u00a0\u00bbyes\u00a0\u00bb][vc_custom_heading text=\u00a0\u00bbServices aux Entreprises\u00a0\u00bb font_container=\u00a0\u00bbtag:h2|text_align:left|color:%23fcfcfc|line_height:1.25em\u00a0\u00bb use_theme_fonts=\u00a0\u00bbyes\u00a0\u00bb]<\/div>[vc_empty_space height=\u00a0\u00bb200px\u00a0\u00bb][\/vc_column][\/vc_row][vc_row css_animation=\u00a0\u00bbfadeIn\u00a0\u00bb css=\u00a0\u00bb.vc_custom_1653389195824{padding-top: 100px !important;}\u00a0\u00bb][vc_column width=\u00a0\u00bb1\/2&Prime;][vc_column_text]Le cabinet d\u2019avocat Nicolella <strong>prot\u00e8ge et assiste les entreprises de toutes dimensions entre l\u2019Italie et la France<\/strong>, offrant ses conseils en mati\u00e8re de contentieux judiciaire, d\u2019arbitrage, de contrats commerciaux et de formation \u00e0 la vente et \u00e0 la distribution internationale. [\/vc_column_text][\/vc_column][vc_column width=\u00a0\u00bb1\/2&Prime;][\/vc_column][\/vc_row][vc_row css=\u00a0\u00bb.vc_custom_1653403212385{padding-top: 60px !important;}\u00a0\u00bb][vc_column]<section class='special_tabs icontext vertical'><div class='tab-selector col-xs-12 col-sm-3'><\/div><div class='tab-container col-xs-12 col-sm-9' style='margin-left:0px;'><\/div><div class='label 1'><div class='architek_icon_special_tabs'><i class='fa linearicons-chevron-right'><\/i><\/div><div class='title'><a>Contentieux judiciaire<\/a><\/div><div class='divider-vertical-tabs'><\/div><\/div><div class='content 1'><p>[vc_row_inner][vc_column_inner][vc_custom_heading text=\u00a0\u00bbContentieux judiciaire\u00a0\u00bb font_container=\u00a0\u00bbtag:h4|text_align:left\u00a0\u00bb use_theme_fonts=\u00a0\u00bbyes\u00a0\u00bb css=\u00a0\u00bb.vc_custom_1656514072983{margin-top: 30px !important;margin-bottom: 30px !important;}\u00a0\u00bb][vc_column_text]Mario Nicolella a une exp\u00e9rience consolid\u00e9e devant les juridictions fran\u00e7aises et italiennes. Les deux pays partagent des traditions juridiques communes (le droit romain, les codes Napol\u00e9on et, aujourd\u2019hui, l\u2019harmonisation d\u00e9rivant du droit de l\u2019Union europ\u00e9enne) mais gardent des diff\u00e9rences importantes dans leurs proc\u00e9dures et dans le droit substantiel.<\/p>\n<p><strong>En France<\/strong>, les litiges entre entreprises se d\u00e9roulent g\u00e9n\u00e9ralement devant les Tribunaux de Commerce (il en existe 134 sur le territoire national en plus des 7 chambres commerciales des Tribunaux d&rsquo;Alsace Moselle). Le deuxi\u00e8me degr\u00e9 de jugement se tient devant la cour d&rsquo;appel comp\u00e9tente.<\/p>\n<p>La Cour d&rsquo;appel de Paris prend une position particuli\u00e8re par rapport aux (35) autres cours d&rsquo;appel nationales. Pour r\u00e9pondre aux besoins des op\u00e9rateurs internationaux, la cour d&rsquo;appel de Paris a r\u00e9cemment cr\u00e9\u00e9 une chambre (CICAP) qui a vocation \u00e0 conna\u00eetre des litiges relatifs aux contrats du commerce international, qu&rsquo;ils soient soumis au droit fran\u00e7ais ou au droit d&rsquo;un autre pays. Le CICAP traite des litiges en mati\u00e8re de contrats commerciaux, de rupture de relations commerciales, de transport, de concurrence d\u00e9loyale, d&rsquo;actions en r\u00e9paration de pratiques anticoncurrentielles, de produits financiers, de recours en mati\u00e8re d&rsquo;arbitrage international. Le CICAP est \u00e9galement juridiction d&rsquo;appel des d\u00e9cisions prononc\u00e9es en premi\u00e8re instance par la chambre internationale du tribunal de commerce de Paris.<\/p>\n<p><strong>En Italie<\/strong> le contentieux entre entreprises italiennes et entreprises fran\u00e7aises se d\u00e9roule devant les onze Tribunali comp\u00e9tents pour le contentieux concernant des entreprises \u00e9trang\u00e8res. En effet, la Loi italienne n. 27\/2012 a introduit des sections sp\u00e9cialis\u00e9es dans le d\u00e9coupage de la juridiction italienne pour une partie importante du contentieux.<\/p>\n<p>Il s\u2019agit des contentieux qui portent sur :<\/p>\n<ul>\n<li>le droit industriel, exclusion faite de la concurrence d\u00e9loyale;<\/li>\n<li>le droit de la concurrence italienne et communautaire;<\/li>\n<li>le droit des soci\u00e9t\u00e9s (notamment, les participations soci\u00e9taires, les pactes d\u2019associ\u00e9s, les actions en responsabilit\u00e9, l\u2019exclusion des associ\u00e9s);<\/li>\n<li>les march\u00e9s publics relevant du droit communautaire;<\/li>\n<li>et toutes les proc\u00e9dures connexes avec celles qui ont \u00e9t\u00e9 ci-dessus indiqu\u00e9es.<\/li>\n<\/ul>\n<p>Par cons\u00e9quent, quand une soci\u00e9t\u00e9 fran\u00e7aise est impliqu\u00e9e dans ces contentieux, la comp\u00e9tence territoriale est attribu\u00e9e \u00e0 une des onze sections sp\u00e9cialis\u00e9es sises \u00e0 Bari, Cagliari, Catane, Genova, Milan, Naples, Rome, Turin, Venise, Trente et Bolzano (Decreto Legislativo n. 145\/2013).<\/p>\n<p>Dans toutes les autres mati\u00e8res, la comp\u00e9tence juridictionnelle italienne est r\u00e9partie entre la centaine et plus de tribunaux civils ordinaires selon les r\u00e8gles communes du code italien de proc\u00e9dure civile. Comme en France, la proc\u00e9dure d\u2019appel se d\u00e9roule devant les \u00ab Corti d\u2019appello \u00bb.<\/p>\n<p>Le recours devant la Cour de cassation italienne est utilis\u00e9 tr\u00e8s fr\u00e9quemment par les justiciables italiens.<\/p>\n<p><strong>Ma\u00eetre Nicolella est coauteur du chapitre consacr\u00e9 \u00e0 l\u2019Italie dans le livre \u00ab Quelles juridictions \u00e9conomiques en Europe ? \u00bb<\/strong> (Creda \u2013 Centre de recherche sur le droit des affaires de la Chambre de commerce et d\u2019industrie de Paris).[\/vc_column_text][\/vc_column_inner][\/vc_row_inner]<\/p>\n<\/div><div class='label 2'><div class='architek_icon_special_tabs'><i class='fa linearicons-chevron-right'><\/i><\/div><div class='title'><a>Arbitrage<\/a><\/div><div class='divider-vertical-tabs'><\/div><\/div><div class='content 2'><p>[vc_row_inner][vc_column_inner][vc_custom_heading text=\u00a0\u00bbArbitrage\u00a0\u00bb font_container=\u00a0\u00bbtag:h4|text_align:left\u00a0\u00bb use_theme_fonts=\u00a0\u00bbyes\u00a0\u00bb css=\u00a0\u00bb.vc_custom_1656514062463{margin-top: 30px !important;margin-bottom: 30px !important;}\u00a0\u00bb][vc_column_text]L\u2019arbitrage est un mode alternatif de r\u00e9solution des conflits (\u00ab ADR \u00bb) qui permet de trancher une affaire sans passer devant les tribunaux \u00e9tatiques. Les parties d\u00e9cident ainsi de soumettre leur diff\u00e9rend au tribunal arbitral, compos\u00e9 d\u2019un seul ou de trois arbitres.<\/p>\n<p>En g\u00e9n\u00e9ral, l\u2019int\u00e9r\u00eat de cette proc\u00e9dure tient \u00e0 la neutralit\u00e9 culturelle des personnes (arbitres) composant le tribunal, \u00e0 leur comp\u00e9tence juridique, linguistique et technique sp\u00e9cifiques, pour trancher l\u2019affaire qui leur a \u00e9t\u00e9 soumis.<\/p>\n<p>Ma\u00eetre Nicolella peut assumer le r\u00f4le d\u2019arbitre (dans ce cas vous devrez proposer son nom \u00e0 l\u2019institution arbitrale comp\u00e9tente) ou vous d\u00e9fendre en tant qu\u2019avocat devant les tribunaux arbitrales (Italiens, fran\u00e7ais, etc.).<\/p>\n<p><strong>Ma\u00eetre Nicolella est membre de l\u2019AIA (Associazione Italiana Arbitrato)<\/strong> et de l\u2019<strong>AFA (Association Fran\u00e7aise pour l\u2019Arbitrage)<\/strong> et il a exerc\u00e9 plusieurs fois la fonction d\u2019arbitre.<\/p>\n<p>Dans le cours de son activit\u00e9, Ma\u00eetre Nicolella a acquis une exp\u00e9rience arbitrale dans les secteurs de la distribution, de la vente et installation de machines industrielles, de l\u2019installation de logiciels de gestion, des t\u00e9l\u00e9communications, de la construction immobili\u00e8re.<\/p>\n<p><strong>Mario Nicolella<\/strong> a collabor\u00e9 avec Marco Darmon, ancien Avocat g\u00e9n\u00e9ral \u00e0 la Cour de justice de l\u2019Union europ\u00e9enne et arbitre international de renom et <strong>particip\u00e9 au groupe de travail de la Chambre de Commerce International sur \u00ab Comment r\u00e9duire temps et co\u00fbts des arbitrages \u00bb<\/strong>.[\/vc_column_text][vc_single_image image=\u00a0\u00bb1191&Prime; img_size=\u00a0\u00bbfull\u00a0\u00bb onclick=\u00a0\u00bbcustom_link\u00a0\u00bb img_link_target=\u00a0\u00bb_blank\u00a0\u00bb el_class=\u00a0\u00bblogo-aia\u00a0\u00bb link=\u00a0\u00bbhttp:\/\/arbitratoaia.com\/\u00a0\u00bb][vc_single_image image=\u00a0\u00bb1190&Prime; img_size=\u00a0\u00bbfull\u00a0\u00bb onclick=\u00a0\u00bbcustom_link\u00a0\u00bb img_link_target=\u00a0\u00bb_blank\u00a0\u00bb el_class=\u00a0\u00bblogo-afa\u00a0\u00bb link=\u00a0\u00bbhttp:\/\/www.afa-arbitrage.com\/\u00a0\u00bb][\/vc_column_inner][\/vc_row_inner]<\/p>\n<\/div><div class='label 3'><div class='architek_icon_special_tabs'><i class='fa linearicons-chevron-right'><\/i><\/div><div class='title'><a>Contrats commerciaux<\/a><\/div><div class='divider-vertical-tabs'><\/div><\/div><div class='content 3'><p>[vc_row_inner][vc_column_inner][vc_custom_heading text=\u00a0\u00bbContrats commerciaux\u00a0\u00bb font_container=\u00a0\u00bbtag:h4|text_align:left\u00a0\u00bb use_theme_fonts=\u00a0\u00bbyes\u00a0\u00bb css=\u00a0\u00bb.vc_custom_1656514162197{margin-top: 30px !important;}\u00a0\u00bb][vc_custom_heading text=\u00a0\u00bbPropri\u00e9t\u00e9 intellectuelle, droit des soci\u00e9t\u00e9s, r\u00e9daction, conseil et contentieux\u00a0\u00bb font_container=\u00a0\u00bbtag:h5|text_align:left\u00a0\u00bb use_theme_fonts=\u00a0\u00bbyes\u00a0\u00bb css=\u00a0\u00bb.vc_custom_1656514178948{margin-bottom: 30px !important;}\u00a0\u00bb][vc_column_text]Fort de son exp\u00e9rience en droit commercial, Me Nicolella fournit les prestations suivantes \u00e0 ses clients (soci\u00e9t\u00e9s ou groupes de soci\u00e9t\u00e9s) :<\/p>\n<ul>\n<li>R\u00e9daction et conseil dans le domaine des contrats commerciaux (agent commercial, contrat de distribution, de sous-traitance, conditions g\u00e9n\u00e9rales de vente ou d\u2019achat, licences de marques, licences de brevets)<\/li>\n<li>Conseil et assistance en mati\u00e8re de relations commerciales (rupture de relations commerciales \u00e9tablies, r\u00e9siliation de contrat commercial, non renouvellement de contrat \u00e0 dur\u00e9e d\u00e9termin\u00e9e, etc\u2026)<\/li>\n<li>Contrats de distribution commerciale et cin\u00e9matographique<\/li>\n<li>Ma\u00eetre Nicolella vous conseille sur le choix de la structure soci\u00e9taire ou du mode d\u2019exercice le plus appropri\u00e9 par rapport \u00e0 l\u2019\u00e9tat de votre patrimoine et vos choix personnels.<\/li>\n<li>En Italie, il vous assiste (en collaborant avec les notaires italiens) dans le cadre de la constitution d\u2019une forme soci\u00e9taire italienne (SNC, SAS, SPA, SRL, SAPA, SCOP, SE), dans la r\u00e9daction de pactes d\u2019actionnaires&#8230;<\/li>\n<li>En France, il prend en charge les op\u00e9rations de constitution des soci\u00e9t\u00e9s (SARL, SAS, EURL, SASU, SA, SCI, SE), les \u00e9tapes ult\u00e9rieures et les op\u00e9rations sur le capital, la d\u00e9l\u00e9gation des pouvoirs des g\u00e9rants, la r\u00e9daction de pactes d&rsquo;actionnaires.<\/li>\n<li>Achat d\u2019entreprises, achat de parts sociales<\/li>\n<li>Assistance devant les tribunaux fran\u00e7ais, italiens et arbitraux<\/li>\n<\/ul>\n<p>Me Nicolella est coauteur du chapitre consacr\u00e9 \u00e0 l\u2019Italie dans le livre \u00ab Quelles juridictions \u00e9conomiques en Europe ? \u00bb (Creda \u2013 Centre de recherche sur le droit des affaires de la Chambre de commerce et d\u2019industrie de Paris). Il a particip\u00e9 \u00e0 la commission de travail de la Chambre de Commerce Internationale (ICC) sur la r\u00e9daction de la clause de force majeure et la clause de hardship.[\/vc_column_text][vc_btn title=\u00a0\u00bbClause de force majeure  &#8211; ICC\u00a0\u00bb style=\u00a0\u00bboutline-custom\u00a0\u00bb outline_custom_color=\u00a0\u00bb#253746&Prime; outline_custom_hover_background=\u00a0\u00bb#253746&Prime; outline_custom_hover_text=\u00a0\u00bb#ffffff\u00a0\u00bb shape=\u00a0\u00bbsquare\u00a0\u00bb i_icon_fontawesome=\u00a0\u00bbfas fa-link\u00a0\u00bb add_icon=\u00a0\u00bbtrue\u00a0\u00bb link=\u00a0\u00bburl:https%3A%2F%2Ficcwbo.org%2Fpublication%2Ficc-force-majeure-and-hardship-clauses%2F|title:Clause%20de%20force%20majeure%20%20-%20ICC|target:_blank\u00a0\u00bb][vc_empty_space height=\u00a0\u00bb15px\u00a0\u00bb][vc_btn title=\u00a0\u00bbQuelles juridictions \u00e9conomiques en Europe? &#8211; Creda\u00a0\u00bb style=\u00a0\u00bboutline-custom\u00a0\u00bb outline_custom_color=\u00a0\u00bb#253746&Prime; outline_custom_hover_background=\u00a0\u00bb#253746&Prime; outline_custom_hover_text=\u00a0\u00bb#ffffff\u00a0\u00bb shape=\u00a0\u00bbsquare\u00a0\u00bb i_icon_fontawesome=\u00a0\u00bbfas fa-link\u00a0\u00bb add_icon=\u00a0\u00bbtrue\u00a0\u00bb link=\u00a0\u00bburl:https%3A%2F%2Fwww.amazon.fr%2FQuelles-juridictions-%25C3%25A9conomiques-Europe-diversit%25C3%25A9%2Fdp%2F2711008355|title:Quelles%20juridictions%20%C3%A9conomiques%20en%20Europe%3F%20-%20Creda|target:_blank\u00a0\u00bb][\/vc_column_inner][\/vc_row_inner]<\/p>\n<\/div><div class='label 4'><div class='architek_icon_special_tabs'><i class='fa linearicons-chevron-right'><\/i><\/div><div class='title'><a>Droit de l\u2019Union europ\u00e9enne<\/a><\/div><div class='divider-vertical-tabs'><\/div><\/div><div class='content 4'><p>[vc_row_inner][vc_column_inner][vc_custom_heading text=\u00a0\u00bbDroit de l\u2019Union europ\u00e9enne\u00a0\u00bb font_container=\u00a0\u00bbtag:h4|text_align:left\u00a0\u00bb use_theme_fonts=\u00a0\u00bbyes\u00a0\u00bb css=\u00a0\u00bb.vc_custom_1656514350323{margin-top: 30px !important;}\u00a0\u00bb][vc_custom_heading text=\u00a0\u00bbConseil &amp; contentieux\u00a0\u00bb font_container=\u00a0\u00bbtag:h5|text_align:left\u00a0\u00bb use_theme_fonts=\u00a0\u00bbyes\u00a0\u00bb css=\u00a0\u00bb.vc_custom_1656514356906{margin-bottom: 30px !important;}\u00a0\u00bb][vc_column_text]Dans ce domaine, Ma\u00eetre Mario Nicolella est intervenu dans nombreux dossiers dans les mati\u00e8res suivantes :<\/p>\n<ul>\n<li>Circulation des marchandises et des services<\/li>\n<li>Harmonisation technique des produits<\/li>\n<li>March\u00e9s publics<\/li>\n<li>Aides d\u2019\u00c9tat<\/li>\n<li>Droit de la Concurrence : entente et position dominante, fusions<\/li>\n<li>Circulation des personnes Reconnaissance des dipl\u00f4mes professionnels<\/li>\n<li>Circulation des travailleurs et des professions r\u00e9glement\u00e9es<\/li>\n<\/ul>\n<p>Ancien stagiaire de la Commission europ\u00e9enne, Ma\u00eetre Nicolella a publi\u00e9 de nombreux commentaires de jurisprudence de la Cour de Justice de l\u2019Union europ\u00e9enne dans la Gazette europ\u00e9enne (<strong>Gazette du Palais<\/strong>) et il a enseign\u00e9 le <strong>droit communautaire \u00e0 la facult\u00e9 FASSE de Paris<\/strong>.<\/p>\n<p>Il a collabor\u00e9 avec des sp\u00e9cialistes en la mati\u00e8re dans le <strong>Cabinet d\u2019avocats Robert Collin &amp; associ\u00e9s<\/strong> et, pendant plus de dix ans, <strong>avec Ma\u00eetre Marco Darmon<\/strong>, ancien avocat g\u00e9n\u00e9ral \u00e0 la Cour de justice de l\u2019Union europ\u00e9enne (1984 \u2013 1994). [\/vc_column_text][vc_btn title=\u00a0\u00bbCommission europ\u00e9enne\u00a0\u00bb style=\u00a0\u00bboutline-custom\u00a0\u00bb outline_custom_color=\u00a0\u00bb#253746&Prime; outline_custom_hover_background=\u00a0\u00bb#253746&Prime; outline_custom_hover_text=\u00a0\u00bb#ffffff\u00a0\u00bb shape=\u00a0\u00bbsquare\u00a0\u00bb i_icon_fontawesome=\u00a0\u00bbfas fa-link\u00a0\u00bb add_icon=\u00a0\u00bbtrue\u00a0\u00bb link=\u00a0\u00bburl:https%3A%2F%2Fec.europa.eu|title:Commission%20europ%C3%A9enne|target:_blank\u00a0\u00bb][vc_empty_space height=\u00a0\u00bb15px\u00a0\u00bb][vc_btn title=\u00a0\u00bbGazzette du Palais\u00a0\u00bb style=\u00a0\u00bboutline-custom\u00a0\u00bb outline_custom_color=\u00a0\u00bb#253746&Prime; outline_custom_hover_background=\u00a0\u00bb#253746&Prime; outline_custom_hover_text=\u00a0\u00bb#ffffff\u00a0\u00bb shape=\u00a0\u00bbsquare\u00a0\u00bb i_icon_fontawesome=\u00a0\u00bbfas fa-link\u00a0\u00bb add_icon=\u00a0\u00bbtrue\u00a0\u00bb link=\u00a0\u00bburl:https%3A%2F%2Fwww.gazette-du-palais.fr%2F|title:Gazzette%20du%20Palais|target:_blank\u00a0\u00bb][vc_empty_space height=\u00a0\u00bb15px\u00a0\u00bb][vc_btn title=\u00a0\u00bbFacult\u00e9 de Sciences sociales, d\u2019\u00c9conomie et de Droit (FASSE)\u00a0\u00bb style=\u00a0\u00bboutline-custom\u00a0\u00bb outline_custom_color=\u00a0\u00bb#253746&Prime; outline_custom_hover_background=\u00a0\u00bb#253746&Prime; outline_custom_hover_text=\u00a0\u00bb#ffffff\u00a0\u00bb shape=\u00a0\u00bbsquare\u00a0\u00bb i_icon_fontawesome=\u00a0\u00bbfas fa-link\u00a0\u00bb add_icon=\u00a0\u00bbtrue\u00a0\u00bb link=\u00a0\u00bburl:https%3A%2F%2Fen.icp.fr%2Fabout-icp%2Fdiscover-icp%2Ffaculties-institutes%2Ffaculty-of-social-sciences-and-economics-fasse|title:Facult%C3%A9%20de%20Sciences%20sociales%2C%20d%E2%80%99%C3%89conomie%20et%20de%20Droit%20(FASSE)|target:_blank\u00a0\u00bb][\/vc_column_inner][\/vc_row_inner]<\/p>\n<\/div><div class='label 5'><div class='architek_icon_special_tabs'><i class='fa linearicons-chevron-right'><\/i><\/div><div class='title'><a>Recouvrement de cr\u00e9ances<\/a><\/div><div class='divider-vertical-tabs'><\/div><\/div><div class='content 5'><p>[vc_row_inner][vc_column_inner][vc_custom_heading text=\u00a0\u00bbRecouvrement de cr\u00e9ances\u00a0\u00bb font_container=\u00a0\u00bbtag:h4|text_align:left\u00a0\u00bb use_theme_fonts=\u00a0\u00bbyes\u00a0\u00bb css=\u00a0\u00bb.vc_custom_1656514484021{margin-top: 30px !important;margin-bottom: 30px !important;}\u00a0\u00bb][vc_column_text]Ma\u00eetre Mario Nicolella prend en charge les <strong>proc\u00e9dures de recouvrement de cr\u00e9ances<\/strong>, qu\u2019elles soient individuelles ou dans le cadre d\u2019une proc\u00e9dure collective, devant les <strong>Tribunaux italiens<\/strong>, valorisant les cr\u00e9ances de ses clients dans les diff\u00e9rents contextes. [\/vc_column_text][\/vc_column_inner][\/vc_row_inner]<\/p>\n<\/div><div class='label 6'><div class='architek_icon_special_tabs'><i class='fa linearicons-chevron-right'><\/i><\/div><div class='title'><a>Formation<\/a><\/div><div class='divider-vertical-tabs'><\/div><\/div><div class='content 6'><p>[vc_row_inner][vc_column_inner][vc_custom_heading text=\u00a0\u00bbFormation en droit italien et international de la vente et de la distribution\u00a0\u00bb font_container=\u00a0\u00bbtag:h4|text_align:left\u00a0\u00bb use_theme_fonts=\u00a0\u00bbyes\u00a0\u00bb css=\u00a0\u00bb.vc_custom_1656514522812{margin-top: 30px !important;margin-bottom: 30px !important;}\u00a0\u00bb][vc_column_text]Pour les entreprises, Ma\u00eetre Mario Nicolella propose un <strong>service de formation \u00e0 la vente et \u00e0 la distribution internationale de marchandises<\/strong> extr\u00eamement utile aux entreprises qui entrent ou se consolident sur le march\u00e9 italien et entendent accro\u00eetre rapidement leur savoir-faire juridique sp\u00e9cifique concernant :<\/p>\n<ul>\n<li>le droit mat\u00e9riel applicable (R\u00e8glement Roma I &#8211; 2008 et Convention de Vienne &#8211; 1980),<\/li>\n<li>la circulation des marchandises,<\/li>\n<li>la comp\u00e9tence juridictionnelle (r\u00e8glement UE Bruxelles I),<\/li>\n<li>les clauses compromissoires arbitrales INCOTERMS.<\/li>\n<\/ul>\n<p>[\/vc_column_text][\/vc_column_inner][\/vc_row_inner]<\/p>\n<\/div>\n<\/section>[\/vc_column][\/vc_row][vc_row][vc_column]<div class=\"templatera_shortcode\"><div class=\"vc_row wpb_row vc_row-fluid vc_custom_1652458769386\"><div class=\"wpb_animate_when_almost_visible wpb_fadeInUp fadeInUp wpb_column vc_column_container vc_col-sm-12\"><div class=\"vc_column-inner\"><div class=\"wpb_wrapper\"><div id=\"ultimate-heading-508969f23fd4824fc\" class=\"uvc-heading ult-adjust-bottom-margin ultimate-heading-508969f23fd4824fc uvc-5381 \" data-hspacer=\"line_only\"  data-halign=\"center\" style=\"text-align:center\"><div class=\"uvc-heading-spacer line_only\" style=\"topheight:100px;\"><span class=\"uvc-headings-line\" style=\"border-style:solid;border-bottom-width:100px;border-color:#0a0a0a;width:1px;\"><\/span><\/div><\/div><div class=\"vc_empty_space\"   style=\"height: 90px\"><span class=\"vc_empty_space_inner\"><\/span><\/div><h2 style=\"text-align: center\" class=\"vc_custom_heading\" >Cabinet d\u2019Avocat Franco-Italien Nicolella<\/h2><div class=\"vc_empty_space\"   style=\"height: 60px\"><span class=\"vc_empty_space_inner\"><\/span><\/div><div class=\"vc_row wpb_row vc_inner vc_row-fluid\"><div class=\"wpb_column vc_column_container vc_col-sm-4\"><div class=\"vc_column-inner\"><div class=\"wpb_wrapper\"><div class=\"aio-icon-component    style_2\"><a class=\"aio-icon-box-link\" href=\"\/fr\/cabinet\/bio-et-cv\/\" title=\"Bio e CV\" ><div id=\"Info-box-wrap-2081\" class=\"aio-icon-box top-icon\" style=\"\"  ><div class=\"aio-icon-top\"><div class=\"ult-just-icon-wrapper  \"><div class=\"align-icon\" style=\"text-align:center;\">\n<div class=\"aio-icon none \"  style=\"color:#333;font-size:32px;display:inline-block;\">\n\t<i class=\"linearicons-graduation-hat\"><\/i>\n<\/div><\/div><\/div><\/div><div class=\"aio-icon-header\" ><h3 class=\"aio-icon-title ult-responsive\"  data-ultimate-target='#Info-box-wrap-2081 .aio-icon-title'  data-responsive-json-new='{\"font-size\":\"desktop:20px;\",\"line-height\":\"\"}'  style=\"font-family:&#039;Montserrat&#039;;font-weight:700;\">Bio et CV<\/h3><\/div> <!-- header --><div class=\"aio-icon-description ult-responsive\"  data-ultimate-target='#Info-box-wrap-2081 .aio-icon-description'  data-responsive-json-new='{\"font-size\":\"desktop:16px;\",\"line-height\":\"\"}'  style=\"font-family:&#039;Lato&#039;;font-weight:500;\">La biographie professionnelle et le curriculum vitae de Me Mario Nicolella sont \u00e0 votre disposition.<\/div> <!-- description --><\/div> <!-- aio-icon-box --><\/a><\/div> <!-- aio-icon-component --><div class=\"ult-spacer spacer-69f23fd4834fb\" data-id=\"69f23fd4834fb\" data-height=\"0\" data-height-mobile=\"40\" data-height-tab=\"\" data-height-tab-portrait=\"\" data-height-mobile-landscape=\"40\" style=\"clear:both;display:block;\"><\/div><\/div><\/div><\/div><div class=\"wpb_column vc_column_container vc_col-sm-4\"><div class=\"vc_column-inner\"><div class=\"wpb_wrapper\"><div class=\"aio-icon-component    style_2\"><a class=\"aio-icon-box-link\" href=\"\/fr\/cabinet\/cabinet-groupe-vdg\/\" title=\"Cabinet Group\u00e9 VDG\" ><div id=\"Info-box-wrap-4339\" class=\"aio-icon-box top-icon\" style=\"\"  ><div class=\"aio-icon-top\"><div class=\"ult-just-icon-wrapper  \"><div class=\"align-icon\" style=\"text-align:center;\">\n<div class=\"aio-icon none \"  style=\"color:#333;font-size:32px;display:inline-block;\">\n\t<i class=\"linearicons-library2\"><\/i>\n<\/div><\/div><\/div><\/div><div class=\"aio-icon-header\" ><h3 class=\"aio-icon-title ult-responsive\"  data-ultimate-target='#Info-box-wrap-4339 .aio-icon-title'  data-responsive-json-new='{\"font-size\":\"desktop:20px;\",\"line-height\":\"\"}'  style=\"font-family:&#039;Montserrat&#039;;font-weight:700;\">Cabinet Group\u00e9 VDG<\/h3><\/div> <!-- header --><div class=\"aio-icon-description ult-responsive\"  data-ultimate-target='#Info-box-wrap-4339 .aio-icon-description'  data-responsive-json-new='{\"font-size\":\"desktop:16px;\",\"line-height\":\"\"}'  style=\"font-family:&#039;Lato&#039;;font-weight:500;\">Comp\u00e9tences et exp\u00e9riences dans diff\u00e9rents secteurs juridiques pour prot\u00e9ger au mieux vos droits.<\/div> <!-- description --><\/div> <!-- aio-icon-box --><\/a><\/div> <!-- aio-icon-component --><div class=\"ult-spacer spacer-69f23fd483706\" data-id=\"69f23fd483706\" data-height=\"0\" data-height-mobile=\"40\" data-height-tab=\"\" data-height-tab-portrait=\"\" data-height-mobile-landscape=\"40\" style=\"clear:both;display:block;\"><\/div><\/div><\/div><\/div><div class=\"wpb_column vc_column_container vc_col-sm-4\"><div class=\"vc_column-inner\"><div class=\"wpb_wrapper\"><div class=\"aio-icon-component    style_2\"><a class=\"aio-icon-box-link\" href=\"\/fr\/honoraires\" title=\"Honoraires\" ><div id=\"Info-box-wrap-8613\" class=\"aio-icon-box top-icon\" style=\"\"  ><div class=\"aio-icon-top\"><div class=\"ult-just-icon-wrapper  \"><div class=\"align-icon\" style=\"text-align:center;\">\n<div class=\"aio-icon none \"  style=\"color:#333;font-size:32px;display:inline-block;\">\n\t<i class=\"linearicons-balance\"><\/i>\n<\/div><\/div><\/div><\/div><div class=\"aio-icon-header\" ><h3 class=\"aio-icon-title ult-responsive\"  data-ultimate-target='#Info-box-wrap-8613 .aio-icon-title'  data-responsive-json-new='{\"font-size\":\"desktop:20px;\",\"line-height\":\"\"}'  style=\"font-family:&#039;Montserrat&#039;;font-weight:700;\">Honoraires<\/h3><\/div> <!-- header --><div class=\"aio-icon-description ult-responsive\"  data-ultimate-target='#Info-box-wrap-8613 .aio-icon-description'  data-responsive-json-new='{\"font-size\":\"desktop:16px;\",\"line-height\":\"\"}'  style=\"font-family:&#039;Lato&#039;;font-weight:500;\">Un bon rapport entre Avocat et Client se fonde sur une tr\u00e8s grande clart\u00e9 \u00e9galement sur les aspects \u00e9conomiques.<\/div> <!-- description --><\/div> <!-- aio-icon-box --><\/a><\/div> <!-- aio-icon-component --><\/div><\/div><\/div><\/div><div class=\"ult-spacer spacer-69f23fd4839a4\" data-id=\"69f23fd4839a4\" data-height=\"100\" data-height-mobile=\"80\" data-height-tab=\"\" data-height-tab-portrait=\"\" data-height-mobile-landscape=\"80\" style=\"clear:both;display:block;\"><\/div><\/div><\/div><\/div><\/div><!-- Row Backgrounds --><div class=\"upb_bg_img\" data-ultimate-bg=\"url(http:\/\/www.marionicolella.com\/wp-content\/uploads\/2022\/05\/bkg_courtdecassation.svg)\" data-image-id=\"id^887|url^http:\/\/www.marionicolella.com\/wp-content\/uploads\/2022\/05\/bkg_courtdecassation.svg|caption^null|alt^null|title^bkg_courtdecassation|description^null\" data-ultimate-bg-style=\"vcpb-default\" data-bg-img-repeat=\"no-repeat\" data-bg-img-size=\"cover\" data-bg-img-position=\"\" data-parallx_sense=\"30\" data-bg-override=\"ex-full\" data-bg_img_attach=\"scroll\" data-upb-overlay-color=\"rgba(255,255,255,0.67)\" data-upb-bg-animation=\"\" data-fadeout=\"\" data-bg-animation=\"left-animation\" data-bg-animation-type=\"h\" data-animation-repeat=\"repeat\" data-fadeout-percentage=\"30\" data-parallax-content=\"\" data-parallax-content-sense=\"30\" data-row-effect-mobile-disable=\"true\" data-img-parallax-mobile-disable=\"true\" data-rtl=\"false\"  data-custom-vc-row=\"\"  data-vc=\"6.7.0\"  data-is_old_vc=\"\"  data-theme-support=\"\"   data-overlay=\"true\" data-overlay-color=\"rgba(255,255,255,0.67)\" data-overlay-pattern=\"\" data-overlay-pattern-opacity=\"0.8\" data-overlay-pattern-size=\"\" data-overlay-pattern-attachment=\"scroll\"    ><\/div><\/div>[\/vc_column][\/vc_row][vc_row full_width=\u00a0\u00bbstretch_row_content_no_spaces\u00a0\u00bb][vc_column]<div class=\"templatera_shortcode\"><div data-vc-full-width=\"true\" data-vc-full-width-init=\"false\" data-vc-parallax=\"1.5\" data-vc-parallax-image=\"http:\/\/www.marionicolella.com\/wp-content\/uploads\/2022\/06\/bkg_cta.jpg\" class=\"vc_row wpb_row vc_row-fluid vc_custom_1654684881616 vc_row-has-fill vc_general vc_parallax vc_parallax-content-moving\"><div class=\"wpb_animate_when_almost_visible wpb_fadeInUp fadeInUp wpb_column vc_column_container vc_col-sm-2\"><div class=\"vc_column-inner\"><div class=\"wpb_wrapper\"><\/div><\/div><\/div><div class=\"wpb_column vc_column_container vc_col-sm-8\"><div class=\"vc_column-inner\"><div class=\"wpb_wrapper\"><h2 style=\"font-size: 40px;color: #f4f4f4;line-height: 1.3em;text-align: center\" class=\"vc_custom_heading\" >Vous avez un probl\u00e8me juridique ?<br \/>\r\nContactez le cabinet<\/h2><h4 style=\"font-size: 24px;color: #f4f4f4;line-height: 1.3em;text-align: center\" class=\"vc_custom_heading\" >\u00c0 vos c\u00f4t\u00e9s avec r\u00e9activit\u00e9 devant les juridictions italiennes et fran\u00e7aises.<\/h4><div class=\"vc_btn3-container  wpb_animate_when_almost_visible wpb_fadeInUp fadeInUp vc_btn3-center\" ><a onmouseleave=\"this.style.borderColor='#ffffff'; this.style.backgroundColor='transparent'; this.style.color='#ffffff'\" onmouseenter=\"this.style.borderColor='#ffffff'; this.style.backgroundColor='#ffffff'; this.style.color='#253746';\" style=\"border-color:#ffffff; color:#ffffff;\" class=\"vc_general vc_btn3 vc_btn3-size-lg vc_btn3-shape-square vc_btn3-style-outline-custom\" href=\"\/fr\/contacts\" title=\"Contact\">Contact<\/a><\/div><\/div><\/div><\/div><div class=\"wpb_column vc_column_container vc_col-sm-2\"><div class=\"vc_column-inner\"><div class=\"wpb_wrapper\"><\/div><\/div><\/div><\/div><div class=\"vc_row-full-width vc_clearfix\"><\/div>\r\n<\/div>[\/vc_column][\/vc_row]<\/p>\n","protected":false},"excerpt":{"rendered":"Vous avez un probl\u00e8me juridique ? Contactez le cabinet\u00c0 vos c\u00f4t\u00e9s avec r\u00e9activit\u00e9 devant les juridictions italiennes et fran\u00e7aises.Contact","protected":false},"author":1,"featured_media":0,"parent":1409,"menu_order":0,"comment_status":"closed","ping_status":"closed","template":"page.php","meta":{"footnotes":""},"class_list":["post-1413","page","type-page","status-publish","hentry"],"yoast_head":"<!-- This site is optimized with the Yoast SEO plugin v19.9 - https:\/\/yoast.com\/wordpress\/plugins\/seo\/ -->\n<title>Services aux Entreprises - Avv. Mario Nicolella<\/title>\n<meta name=\"robots\" content=\"index, follow, max-snippet:-1, max-image-preview:large, max-video-preview:-1\" \/>\n<link rel=\"canonical\" href=\"http:\/\/www.marionicolella.com\/fr\/services\/services-aux-entreprises\/\" \/>\n<meta property=\"og:locale\" content=\"fr_FR\" \/>\n<meta property=\"og:type\" content=\"article\" \/>\n<meta property=\"og:title\" content=\"Services aux Entreprises - Avv. Mario Nicolella\" \/>\n<meta property=\"og:url\" content=\"http:\/\/www.marionicolella.com\/fr\/services\/services-aux-entreprises\/\" \/>\n<meta property=\"og:site_name\" content=\"Avv. Mario Nicolella\" \/>\n<meta property=\"article:modified_time\" content=\"2022-09-28T14:24:33+00:00\" \/>\n<meta property=\"og:image\" content=\"http:\/\/www.marionicolella.com\/wp-content\/uploads\/2022\/08\/img_facebook-1.jpg\" \/>\n\t<meta property=\"og:image:width\" content=\"1200\" \/>\n\t<meta property=\"og:image:height\" content=\"630\" \/>\n\t<meta property=\"og:image:type\" content=\"image\/jpeg\" \/>\n<meta name=\"twitter:card\" content=\"summary_large_image\" \/>\n<meta name=\"twitter:label1\" content=\"Dur\u00e9e de lecture estim\u00e9e\" \/>\n\t<meta name=\"twitter:data1\" content=\"8 minutes\" \/>\n<script type=\"application\/ld+json\" class=\"yoast-schema-graph\">{\"@context\":\"https:\/\/schema.org\",\"@graph\":[{\"@type\":\"WebPage\",\"@id\":\"http:\/\/www.marionicolella.com\/fr\/services\/services-aux-entreprises\/\",\"url\":\"http:\/\/www.marionicolella.com\/fr\/services\/services-aux-entreprises\/\",\"name\":\"Services aux Entreprises - Avv. Mario Nicolella\",\"isPartOf\":{\"@id\":\"http:\/\/www.marionicolella.com\/#website\"},\"datePublished\":\"2022-05-24T14:35:11+00:00\",\"dateModified\":\"2022-09-28T14:24:33+00:00\",\"breadcrumb\":{\"@id\":\"http:\/\/www.marionicolella.com\/fr\/services\/services-aux-entreprises\/#breadcrumb\"},\"inLanguage\":\"fr-FR\",\"potentialAction\":[{\"@type\":\"ReadAction\",\"target\":[\"http:\/\/www.marionicolella.com\/fr\/services\/services-aux-entreprises\/\"]}]},{\"@type\":\"BreadcrumbList\",\"@id\":\"http:\/\/www.marionicolella.com\/fr\/services\/services-aux-entreprises\/#breadcrumb\",\"itemListElement\":[{\"@type\":\"ListItem\",\"position\":1,\"name\":\"Home\",\"item\":\"http:\/\/www.marionicolella.com\/fr\/\"},{\"@type\":\"ListItem\",\"position\":2,\"name\":\"Services\",\"item\":\"http:\/\/www.marionicolella.com\/fr\/services\/\"},{\"@type\":\"ListItem\",\"position\":3,\"name\":\"Services aux Entreprises\"}]},{\"@type\":\"WebSite\",\"@id\":\"http:\/\/www.marionicolella.com\/#website\",\"url\":\"http:\/\/www.marionicolella.com\/\",\"name\":\"Avv. Mario Nicolella\",\"description\":\"Studio Legale Internazionale\",\"publisher\":{\"@id\":\"http:\/\/www.marionicolella.com\/#\/schema\/person\/85205f94633feef23121576d83fcb7d8\"},\"potentialAction\":[{\"@type\":\"SearchAction\",\"target\":{\"@type\":\"EntryPoint\",\"urlTemplate\":\"http:\/\/www.marionicolella.com\/?s={search_term_string}\"},\"query-input\":\"required name=search_term_string\"}],\"inLanguage\":\"fr-FR\"},{\"@type\":[\"Person\",\"Organization\"],\"@id\":\"http:\/\/www.marionicolella.com\/#\/schema\/person\/85205f94633feef23121576d83fcb7d8\",\"name\":\"Mario Nicolella\",\"image\":{\"@type\":\"ImageObject\",\"inLanguage\":\"fr-FR\",\"@id\":\"http:\/\/www.marionicolella.com\/#\/schema\/person\/image\/\",\"url\":\"http:\/\/www.marionicolella.com\/wp-content\/uploads\/2022\/05\/logo_nicolella.svg\",\"contentUrl\":\"http:\/\/www.marionicolella.com\/wp-content\/uploads\/2022\/05\/logo_nicolella.svg\",\"width\":290,\"height\":44,\"caption\":\"Mario Nicolella\"},\"logo\":{\"@id\":\"http:\/\/www.marionicolella.com\/#\/schema\/person\/image\/\"},\"sameAs\":[\"http:\/\/www.linkedin.com\/in\/mario-nicolella-07949310\/\"]}]}<\/script>\n<!-- \/ Yoast SEO plugin. -->","yoast_head_json":{"title":"Services aux Entreprises - Avv. Mario Nicolella","robots":{"index":"index","follow":"follow","max-snippet":"max-snippet:-1","max-image-preview":"max-image-preview:large","max-video-preview":"max-video-preview:-1"},"canonical":"http:\/\/www.marionicolella.com\/fr\/services\/services-aux-entreprises\/","og_locale":"fr_FR","og_type":"article","og_title":"Services aux Entreprises - Avv. Mario Nicolella","og_url":"http:\/\/www.marionicolella.com\/fr\/services\/services-aux-entreprises\/","og_site_name":"Avv. Mario Nicolella","article_modified_time":"2022-09-28T14:24:33+00:00","og_image":[{"width":1200,"height":630,"url":"http:\/\/www.marionicolella.com\/wp-content\/uploads\/2022\/08\/img_facebook-1.jpg","type":"image\/jpeg"}],"twitter_card":"summary_large_image","twitter_misc":{"Dur\u00e9e de lecture estim\u00e9e":"8 minutes"},"schema":{"@context":"https:\/\/schema.org","@graph":[{"@type":"WebPage","@id":"http:\/\/www.marionicolella.com\/fr\/services\/services-aux-entreprises\/","url":"http:\/\/www.marionicolella.com\/fr\/services\/services-aux-entreprises\/","name":"Services aux Entreprises - Avv. Mario Nicolella","isPartOf":{"@id":"http:\/\/www.marionicolella.com\/#website"},"datePublished":"2022-05-24T14:35:11+00:00","dateModified":"2022-09-28T14:24:33+00:00","breadcrumb":{"@id":"http:\/\/www.marionicolella.com\/fr\/services\/services-aux-entreprises\/#breadcrumb"},"inLanguage":"fr-FR","potentialAction":[{"@type":"ReadAction","target":["http:\/\/www.marionicolella.com\/fr\/services\/services-aux-entreprises\/"]}]},{"@type":"BreadcrumbList","@id":"http:\/\/www.marionicolella.com\/fr\/services\/services-aux-entreprises\/#breadcrumb","itemListElement":[{"@type":"ListItem","position":1,"name":"Home","item":"http:\/\/www.marionicolella.com\/fr\/"},{"@type":"ListItem","position":2,"name":"Services","item":"http:\/\/www.marionicolella.com\/fr\/services\/"},{"@type":"ListItem","position":3,"name":"Services aux Entreprises"}]},{"@type":"WebSite","@id":"http:\/\/www.marionicolella.com\/#website","url":"http:\/\/www.marionicolella.com\/","name":"Avv. Mario Nicolella","description":"Studio Legale Internazionale","publisher":{"@id":"http:\/\/www.marionicolella.com\/#\/schema\/person\/85205f94633feef23121576d83fcb7d8"},"potentialAction":[{"@type":"SearchAction","target":{"@type":"EntryPoint","urlTemplate":"http:\/\/www.marionicolella.com\/?s={search_term_string}"},"query-input":"required name=search_term_string"}],"inLanguage":"fr-FR"},{"@type":["Person","Organization"],"@id":"http:\/\/www.marionicolella.com\/#\/schema\/person\/85205f94633feef23121576d83fcb7d8","name":"Mario Nicolella","image":{"@type":"ImageObject","inLanguage":"fr-FR","@id":"http:\/\/www.marionicolella.com\/#\/schema\/person\/image\/","url":"http:\/\/www.marionicolella.com\/wp-content\/uploads\/2022\/05\/logo_nicolella.svg","contentUrl":"http:\/\/www.marionicolella.com\/wp-content\/uploads\/2022\/05\/logo_nicolella.svg","width":290,"height":44,"caption":"Mario Nicolella"},"logo":{"@id":"http:\/\/www.marionicolella.com\/#\/schema\/person\/image\/"},"sameAs":["http:\/\/www.linkedin.com\/in\/mario-nicolella-07949310\/"]}]}},"_links":{"self":[{"href":"http:\/\/www.marionicolella.com\/fr\/wp-json\/wp\/v2\/pages\/1413","targetHints":{"allow":["GET"]}}],"collection":[{"href":"http:\/\/www.marionicolella.com\/fr\/wp-json\/wp\/v2\/pages"}],"about":[{"href":"http:\/\/www.marionicolella.com\/fr\/wp-json\/wp\/v2\/types\/page"}],"author":[{"embeddable":true,"href":"http:\/\/www.marionicolella.com\/fr\/wp-json\/wp\/v2\/users\/1"}],"replies":[{"embeddable":true,"href":"http:\/\/www.marionicolella.com\/fr\/wp-json\/wp\/v2\/comments?post=1413"}],"version-history":[{"count":3,"href":"http:\/\/www.marionicolella.com\/fr\/wp-json\/wp\/v2\/pages\/1413\/revisions"}],"predecessor-version":[{"id":1892,"href":"http:\/\/www.marionicolella.com\/fr\/wp-json\/wp\/v2\/pages\/1413\/revisions\/1892"}],"up":[{"embeddable":true,"href":"http:\/\/www.marionicolella.com\/fr\/wp-json\/wp\/v2\/pages\/1409"}],"wp:attachment":[{"href":"http:\/\/www.marionicolella.com\/fr\/wp-json\/wp\/v2\/media?parent=1413"}],"curies":[{"name":"wp","href":"https:\/\/api.w.org\/{rel}","templated":true}]}}